{"id":37,"date":"2020-09-19T15:27:32","date_gmt":"2020-09-19T13:27:32","guid":{"rendered":"http:\/\/16dni.smartcommerce.sk\/?page_id=37"},"modified":"2020-12-07T22:02:07","modified_gmt":"2020-12-07T21:02:07","slug":"home","status":"publish","type":"page","link":"https:\/\/www.fenestra.sk\/16-dni-aktivizmu\/","title":{"rendered":"HOME"},"content":{"rendered":"\t\t<div data-elementor-type=\"wp-page\" data-elementor-id=\"37\" class=\"elementor elementor-37\">\n\t\t\t\t\t\t<section class=\"elementor-section elementor-top-section elementor-element elementor-element-a78e46a elementor-section-boxed elementor-section-height-default elementor-section-height-default\" data-id=\"a78e46a\" data-element_type=\"section\" data-settings=\"{&quot;background_background&quot;:&quot;classic&quot;}\">\n\t\t\t\t\t\t<div class=\"elementor-container elementor-column-gap-default\">\n\t\t\t\t\t<div class=\"elementor-column elementor-col-100 elementor-top-column elementor-element elementor-element-dd2568a\" data-id=\"dd2568a\" data-element_type=\"column\">\n\t\t\t<div class=\"elementor-widget-wrap elementor-element-populated\">\n\t\t\t\t\t\t<div class=\"elementor-element elementor-element-4cd9ac4 elementor-widget elementor-widget-heading\" data-id=\"4cd9ac4\" data-element_type=\"widget\" data-widget_type=\"heading.default\">\n\t\t\t\t<div class=\"elementor-widget-container\">\n\t\t\t\t\t<h2 class=\"elementor-heading-title elementor-size-default\">Kampa\u0148<\/h2>\t\t\t\t<\/div>\n\t\t\t\t<\/div>\n\t\t\t\t<div class=\"elementor-element elementor-element-2c610cb elementor-widget elementor-widget-heading\" data-id=\"2c610cb\" data-element_type=\"widget\" data-widget_type=\"heading.default\">\n\t\t\t\t<div class=\"elementor-widget-container\">\n\t\t\t\t\t<h1 class=\"elementor-heading-title elementor-size-default\">16 dn\u00ed aktivizmu<\/h1>\t\t\t\t<\/div>\n\t\t\t\t<\/div>\n\t\t\t\t<div class=\"elementor-element elementor-element-72316ad hptext elementor-hidden-tablet elementor-hidden-phone elementor-widget elementor-widget-text-editor\" data-id=\"72316ad\" data-element_type=\"widget\" data-widget_type=\"text-editor.default\">\n\t\t\t\t<div class=\"elementor-widget-container\">\n\t\t\t\t\t\t\t\t\t<p>je pre n\u00e1s v\u0161etk\u00fdch pr\u00edle\u017eitos\u0165ou prelomi\u0165 ml\u010danie a hovori\u0165 o n\u00e1sil\u00ed p\u00e1chanom na \u017een\u00e1ch. V\u0161etci a v\u0161etky m\u00f4\u017eeme robi\u0165 mnoho akt\u00edvnych krokov, aby sme ochr\u00e1nili \u017eeny a deti pred n\u00e1sil\u00edm<\/p>\t\t\t\t\t\t\t\t<\/div>\n\t\t\t\t<\/div>\n\t\t\t\t<div class=\"elementor-element elementor-element-28b1161 elementor-align-left elementor-tablet-align-center elementor-hidden-tablet elementor-hidden-phone elementor-widget elementor-widget-button\" data-id=\"28b1161\" data-element_type=\"widget\" data-widget_type=\"button.default\">\n\t\t\t\t<div class=\"elementor-widget-container\">\n\t\t\t\t\t\t\t\t\t<div class=\"elementor-button-wrapper\">\n\t\t\t\t\t<a class=\"elementor-button elementor-button-link elementor-size-sm\" href=\"https:\/\/www.fenestra.sk\/16-dni-aktivizmu\/o-kampani\">\n\t\t\t\t\t\t<span class=\"elementor-button-content-wrapper\">\n\t\t\t\t\t\t\t\t\t<span class=\"elementor-button-text\">Viac inform\u00e1ci\u00ed<\/span>\n\t\t\t\t\t<\/span>\n\t\t\t\t\t<\/a>\n\t\t\t\t<\/div>\n\t\t\t\t\t\t\t\t<\/div>\n\t\t\t\t<\/div>\n\t\t\t\t\t<\/div>\n\t\t<\/div>\n\t\t\t\t\t<\/div>\n\t\t<\/section>\n\t\t\t\t<section class=\"elementor-section elementor-top-section elementor-element elementor-element-851a6e1 elementor-hidden-desktop elementor-section-boxed elementor-section-height-default elementor-section-height-default\" data-id=\"851a6e1\" data-element_type=\"section\" data-settings=\"{&quot;background_background&quot;:&quot;classic&quot;}\">\n\t\t\t\t\t\t<div class=\"elementor-container elementor-column-gap-default\">\n\t\t\t\t\t<div class=\"elementor-column elementor-col-100 elementor-top-column elementor-element elementor-element-07c5ab1\" data-id=\"07c5ab1\" data-element_type=\"column\">\n\t\t\t<div class=\"elementor-widget-wrap elementor-element-populated\">\n\t\t\t\t\t\t<div class=\"elementor-element elementor-element-2a6d568 elementor-widget elementor-widget-text-editor\" data-id=\"2a6d568\" data-element_type=\"widget\" data-widget_type=\"text-editor.default\">\n\t\t\t\t<div class=\"elementor-widget-container\">\n\t\t\t\t\t\t\t\t\t<p>je pre n\u00e1s v\u0161etk\u00fdch pr\u00edle\u017eitos\u0165ou prelomi\u0165 ml\u010danie <br \/>a hovori\u0165 o n\u00e1sil\u00ed p\u00e1chanom na \u017een\u00e1ch.<br \/>V\u0161etci a v\u0161etky m\u00f4\u017eeme robi\u0165 mnoho akt\u00edvnych krokov, aby sme ochr\u00e1nili \u017eeny a deti pred n\u00e1sil\u00edm<\/p>\t\t\t\t\t\t\t\t<\/div>\n\t\t\t\t<\/div>\n\t\t\t\t<div class=\"elementor-element elementor-element-31d7ac3 elementor-align-left elementor-tablet-align-center elementor-widget elementor-widget-button\" data-id=\"31d7ac3\" data-element_type=\"widget\" data-widget_type=\"button.default\">\n\t\t\t\t<div class=\"elementor-widget-container\">\n\t\t\t\t\t\t\t\t\t<div class=\"elementor-button-wrapper\">\n\t\t\t\t\t<a class=\"elementor-button elementor-button-link elementor-size-sm\" href=\"https:\/\/www.fenestra.sk\/16-dni-aktivizmu\/o-kampani\">\n\t\t\t\t\t\t<span class=\"elementor-button-content-wrapper\">\n\t\t\t\t\t\t\t\t\t<span class=\"elementor-button-text\">Viac inform\u00e1ci\u00ed<\/span>\n\t\t\t\t\t<\/span>\n\t\t\t\t\t<\/a>\n\t\t\t\t<\/div>\n\t\t\t\t\t\t\t\t<\/div>\n\t\t\t\t<\/div>\n\t\t\t\t\t<\/div>\n\t\t<\/div>\n\t\t\t\t\t<\/div>\n\t\t<\/section>\n\t\t\t\t<section class=\"elementor-section elementor-top-section elementor-element elementor-element-f0cc7af elementor-section-height-min-height elementor-section-boxed elementor-section-height-default elementor-section-items-middle\" data-id=\"f0cc7af\" data-element_type=\"section\" data-settings=\"{&quot;background_background&quot;:&quot;classic&quot;}\">\n\t\t\t\t\t\t<div class=\"elementor-container elementor-column-gap-default\">\n\t\t\t\t\t<div class=\"elementor-column elementor-col-100 elementor-top-column elementor-element elementor-element-28c9062\" data-id=\"28c9062\" data-element_type=\"column\">\n\t\t\t<div class=\"elementor-widget-wrap elementor-element-populated\">\n\t\t\t\t\t\t<div class=\"elementor-element elementor-element-6a7c500 elementor-widget elementor-widget-heading\" data-id=\"6a7c500\" data-element_type=\"widget\" data-widget_type=\"heading.default\">\n\t\t\t\t<div class=\"elementor-widget-container\">\n\t\t\t\t\t<h2 class=\"elementor-heading-title elementor-size-default\">KALEND\u00c1R UDALOSt\u00ed 2020<\/h2>\t\t\t\t<\/div>\n\t\t\t\t<\/div>\n\t\t\t\t<div class=\"elementor-element elementor-element-1b9ef18 homecalevents elementor-hidden-tablet elementor-hidden-phone elementor-widget elementor-widget-shortcode\" data-id=\"1b9ef18\" data-element_type=\"widget\" data-widget_type=\"shortcode.default\">\n\t\t\t\t<div class=\"elementor-widget-container\">\n\t\t\t\t\t\t\t<div class=\"elementor-shortcode\"><div id=\"event-calendar-carousel\" class=\"carousel slide\" data-ride=\"carousel\" data-interval=\"false\"><div class=\"carousel-inner\"><div class=\"carousel-item active\"><h2 class=\"event-calendar-month\">November 2020<\/h2><div class=\"row event-calendar\">\n    \n    <div class=\"col-md-3 event-block-container\">\n        <div class=\"event-block\">\n            <h3 class=\"event-date\">25. November<\/h3>\n            <h2 class=\"event-name\">VYP\u00cdSKAJME N\u00c1SILIE<\/h2>\n            <p class=\"event-type\">Happening<\/p>\n            <p class=\"event-place\">online<\/p>\n            <a href=\"https:\/\/www.fenestra.sk\/16-dni-aktivizmu\/?post_type=upcoming_events&#038;p=1111\" class=\"event-link\">Viac inform\u00e1cii<\/a>\n        <\/div>\n    <\/div>\n\n\n    \n    \n    <div class=\"col-md-3 event-block-container\">\n        <div class=\"event-block\">\n            <h3 class=\"event-date\">25. November<\/h3>\n            <h2 class=\"event-name\">UML\u010cAN\u00c9 SVEDKYNE \/ SILENT WITNESSES<\/h2>\n            <p class=\"event-type\">Typ udalosti<\/p>\n            <p class=\"event-place\">online<\/p>\n            <a href=\"https:\/\/www.fenestra.sk\/16-dni-aktivizmu\/?post_type=upcoming_events&#038;p=1113\" class=\"event-link\">Viac inform\u00e1cii<\/a>\n        <\/div>\n    <\/div>\n\n\n    \n    \n    <div class=\"col-md-3 event-block-container\">\n        <div class=\"event-block\">\n            <h3 class=\"event-date\">26. November<\/h3>\n            <h2 class=\"event-name\">S\u00da \u017dENY\u202fVIDITE\u013dN\u00c9?\u202f<\/h2>\n            <p class=\"event-type\">Diskusia<\/p>\n            <p class=\"event-place\">online<\/p>\n            <a href=\"https:\/\/www.fenestra.sk\/16-dni-aktivizmu\/?post_type=upcoming_events&#038;p=1115\" class=\"event-link\">Viac inform\u00e1cii<\/a>\n        <\/div>\n    <\/div>\n\n\n    \n    \n    <div class=\"col-md-3 event-block-container\">\n        <div class=\"event-block\">\n            <h3 class=\"event-date\">30. November<\/h3>\n            <h2 class=\"event-name\">Prida\u0165 udalos\u0165<\/h2>\n            <p class=\"event-type\">Diskusia<\/p>\n            <p class=\"event-place\"><\/p>\n            <a href=\"https:\/\/www.fenestra.sk\/16-dni-aktivizmu\/?post_type=upcoming_events&#038;p=1125\" class=\"event-link\">Viac inform\u00e1cii<\/a>\n        <\/div>\n    <\/div>\n\n\n    <\/div><\/div><div class=\"carousel-item\"><h2 class=\"event-calendar-month\">December 2020<\/h2><div class=\"row event-calendar\">\n    \n    <div class=\"col-md-3 event-block-container\">\n        <div class=\"event-block\">\n            <h3 class=\"event-date\">04. December<\/h3>\n            <h2 class=\"event-name\">Ko\u0161ice - hlavn\u00e9 mesto nulovej tolerancie n\u00e1silia na \u017een\u00e1ch<\/h2>\n            <p class=\"event-type\">Diskusia<\/p>\n            <p class=\"event-place\">online<\/p>\n            <a href=\"https:\/\/www.fenestra.sk\/16-dni-aktivizmu\/?post_type=upcoming_events&#038;p=1117\" class=\"event-link\">Viac inform\u00e1cii<\/a>\n        <\/div>\n    <\/div>\n\n\n    \n    \n    <div class=\"col-md-3 event-block-container\">\n        <div class=\"event-block\">\n            <h3 class=\"event-date\">08. December<\/h3>\n            <h2 class=\"event-name\">V\u017dDY V\u202fPRVEJ L\u00cdNII<\/h2>\n            <p class=\"event-type\">Workshop<\/p>\n            <p class=\"event-place\">online<\/p>\n            <a href=\"https:\/\/www.fenestra.sk\/16-dni-aktivizmu\/?post_type=upcoming_events&#038;p=1119\" class=\"event-link\">Viac inform\u00e1cii<\/a>\n        <\/div>\n    <\/div>\n\n\n    \n    \n    <div class=\"col-md-3 event-block-container\">\n        <div class=\"event-block\">\n            <h3 class=\"event-date\">10. December<\/h3>\n            <h2 class=\"event-name\">NIE n\u00e1siliu \/ NE n\u00e1sil\u00ed na \u017een\u00e1ch<\/h2>\n            <p class=\"event-type\">Diskusia<\/p>\n            <p class=\"event-place\">online<\/p>\n            <a href=\"https:\/\/www.fenestra.sk\/16-dni-aktivizmu\/?post_type=upcoming_events&#038;p=1123\" class=\"event-link\">Viac inform\u00e1cii<\/a>\n        <\/div>\n    <\/div>\n\n\n    \n    \n    <div class=\"col-md-3 event-block-container\">\n        <div class=\"event-block\">\n            <h3 class=\"event-date\">10. December<\/h3>\n            <h2 class=\"event-name\">Prida\u0165 udalos\u0165<\/h2>\n            <p class=\"event-type\">Udalos\u0165<\/p>\n            <p class=\"event-place\"><\/p>\n            <a href=\"https:\/\/www.fenestra.sk\/16-dni-aktivizmu\/?post_type=upcoming_events&#038;p=1124\" class=\"event-link\">Viac inform\u00e1cii<\/a>\n        <\/div>\n    <\/div>\n\n\n    <\/div><\/div>\t\t\t\t\n\t\t\t\t<\/div>\t\n\t\t\t\t<a class=\"carousel-control-prev\" href=\"#event-calendar-carousel\" role=\"button\" data-slide=\"prev\">\n\t\t\t\t  <img decoding=\"async\" src=\"https:\/\/www.fenestra.sk\/16-dni-aktivizmu\/wp-content\/uploads\/2020\/09\/blog-prev.svg\">\n\t\t\t\t<\/a>\n\t\t\t\t<a class=\"carousel-control-next\" href=\"#event-calendar-carousel\" role=\"button\" data-slide=\"next\">\n\t\t\t\t  <img decoding=\"async\" src=\"https:\/\/www.fenestra.sk\/16-dni-aktivizmu\/wp-content\/uploads\/2020\/09\/blog-next.svg\">\n\t\t\t\t<\/a>\n\t  \t\t<\/div>\n<\/div>\n\t\t\t\t\t\t<\/div>\n\t\t\t\t<\/div>\n\t\t\t\t<div class=\"elementor-element elementor-element-6f9d512 homecalevents elementor-hidden-desktop elementor-widget elementor-widget-shortcode\" data-id=\"6f9d512\" data-element_type=\"widget\" data-widget_type=\"shortcode.default\">\n\t\t\t\t<div class=\"elementor-widget-container\">\n\t\t\t\t\t\t\t<div class=\"elementor-shortcode\"><h2 class=\"event-calendar-month\">November 2020<\/h2><div id=\"mobile-calendar-carousel-November\" class=\"carousel slide mobile-carousel\" data-ride=\"carousel\" data-interval=\"false\"><div class=\"carousel-inner\">  \n              <div class=\"carousel-item active\">\n       \n\t\t\t\n\t\t\t\n          <div class=\"event-block-container\">\n\t\t\t  \n\t\t\t  \n              \n\t\t\t\t  \n\t\t\t\t   \t\t\t\t\t<div class=\"event-block mthird\">\n\t\t\t\t   \n\t\t\t\t  \n                  <h3 class=\"event-date\">25. November<\/h3>\n                  <h2 class=\"event-name\">VYP\u00cdSKAJME N\u00c1SILIE<\/h2>\n                  <p class=\"event-type\">Happening<\/p>\n                  <p class=\"event-place\">online<\/p>\n                  <a href=\"https:\/\/www.fenestra.sk\/16-dni-aktivizmu\/?post_type=upcoming_events&#038;p=1111\" class=\"event-link\">Viac inform\u00e1cii<\/a>\n              <\/div>\n          <\/div>\n      <\/div>\n  \n  \n        \n       \n        <div class=\"carousel-item\">\n       \n\t\t\t\n\t\t\t\n          <div class=\"event-block-container\">\n\t\t\t  \n\t\t\t  \n              \n\t\t\t\t  \n\t\t\t\t   \t\t\t\t\t<div class=\"event-block mfirst\">\n\t\t\t\t   \n\t\t\t\t  \n                  <h3 class=\"event-date\">25. November<\/h3>\n                  <h2 class=\"event-name\">UML\u010cAN\u00c9 SVEDKYNE \/ SILENT WITNESSES<\/h2>\n                  <p class=\"event-type\">Typ udalosti<\/p>\n                  <p class=\"event-place\">online<\/p>\n                  <a href=\"https:\/\/www.fenestra.sk\/16-dni-aktivizmu\/?post_type=upcoming_events&#038;p=1113\" class=\"event-link\">Viac inform\u00e1cii<\/a>\n              <\/div>\n          <\/div>\n      <\/div>\n  \n  \n        \n       \n        <div class=\"carousel-item\">\n       \n\t\t\t\n\t\t\t\n          <div class=\"event-block-container\">\n\t\t\t  \n\t\t\t  \n              \n\t\t\t\t  \n\t\t\t\t   \t\t\t\t\t<div class=\"event-block msec\">\n\t\t\t\t   \n\t\t\t\t  \n                  <h3 class=\"event-date\">26. November<\/h3>\n                  <h2 class=\"event-name\">S\u00da \u017dENY\u202fVIDITE\u013dN\u00c9?\u202f<\/h2>\n                  <p class=\"event-type\">Diskusia<\/p>\n                  <p class=\"event-place\">online<\/p>\n                  <a href=\"https:\/\/www.fenestra.sk\/16-dni-aktivizmu\/?post_type=upcoming_events&#038;p=1115\" class=\"event-link\">Viac inform\u00e1cii<\/a>\n              <\/div>\n          <\/div>\n      <\/div>\n  \n  \n        \n       \n        <div class=\"carousel-item\">\n       \n\t\t\t\n\t\t\t\n          <div class=\"event-block-container\">\n\t\t\t  \n\t\t\t  \n              \n\t\t\t\t  \n\t\t\t\t   \t\t\t\t\t<div class=\"event-block mfirst\">\n\t\t\t\t   \n\t\t\t\t  \n                  <h3 class=\"event-date\">30. November<\/h3>\n                  <h2 class=\"event-name\">Prida\u0165 udalos\u0165<\/h2>\n                  <p class=\"event-type\">Diskusia<\/p>\n                  <p class=\"event-place\"><\/p>\n                  <a href=\"https:\/\/www.fenestra.sk\/16-dni-aktivizmu\/?post_type=upcoming_events&#038;p=1125\" class=\"event-link\">Viac inform\u00e1cii<\/a>\n              <\/div>\n          <\/div>\n      <\/div>\n  \n  \n      \t\t\t\t\n   <\/div>\t\n   <a class=\"carousel-control-prev\" href=\"#mobile-calendar-carousel-November\" role=\"button\" data-slide=\"prev\">\n     <img decoding=\"async\" src=\"https:\/\/www.fenestra.sk\/16-dni-aktivizmu\/wp-content\/uploads\/2020\/09\/blog-prev.svg\">\n   <\/a>\n   <a class=\"carousel-control-next\" href=\"#mobile-calendar-carousel-November\" role=\"button\" data-slide=\"next\">\n     <img decoding=\"async\" src=\"https:\/\/www.fenestra.sk\/16-dni-aktivizmu\/wp-content\/uploads\/2020\/09\/blog-next.svg\">\n   <\/a>\n   <\/div>\n<h2 class=\"event-calendar-month\">December 2020<\/h2><div id=\"mobile-calendar-carousel-December\" class=\"carousel slide mobile-carousel\" data-ride=\"carousel\" data-interval=\"false\"><div class=\"carousel-inner\">  \n              <div class=\"carousel-item active\">\n       \n\t\t\t\n\t\t\t\n          <div class=\"event-block-container\">\n\t\t\t  \n\t\t\t  \n              \n\t\t\t\t  \n\t\t\t\t   \t\t\t\t\t<div class=\"event-block mthird\">\n\t\t\t\t   \n\t\t\t\t  \n                  <h3 class=\"event-date\">04. December<\/h3>\n                  <h2 class=\"event-name\">Ko\u0161ice - hlavn\u00e9 mesto nulovej tolerancie n\u00e1silia na \u017een\u00e1ch<\/h2>\n                  <p class=\"event-type\">Diskusia<\/p>\n                  <p class=\"event-place\">online<\/p>\n                  <a href=\"https:\/\/www.fenestra.sk\/16-dni-aktivizmu\/?post_type=upcoming_events&#038;p=1117\" class=\"event-link\">Viac inform\u00e1cii<\/a>\n              <\/div>\n          <\/div>\n      <\/div>\n  \n  \n        \n       \n        <div class=\"carousel-item\">\n       \n\t\t\t\n\t\t\t\n          <div class=\"event-block-container\">\n\t\t\t  \n\t\t\t  \n              \n\t\t\t\t  \n\t\t\t\t   \t\t\t\t\t<div class=\"event-block mfirst\">\n\t\t\t\t   \n\t\t\t\t  \n                  <h3 class=\"event-date\">08. December<\/h3>\n                  <h2 class=\"event-name\">V\u017dDY V\u202fPRVEJ L\u00cdNII<\/h2>\n                  <p class=\"event-type\">Workshop<\/p>\n                  <p class=\"event-place\">online<\/p>\n                  <a href=\"https:\/\/www.fenestra.sk\/16-dni-aktivizmu\/?post_type=upcoming_events&#038;p=1119\" class=\"event-link\">Viac inform\u00e1cii<\/a>\n              <\/div>\n          <\/div>\n      <\/div>\n  \n  \n        \n       \n        <div class=\"carousel-item\">\n       \n\t\t\t\n\t\t\t\n          <div class=\"event-block-container\">\n\t\t\t  \n\t\t\t  \n              \n\t\t\t\t  \n\t\t\t\t   \t\t\t\t\t<div class=\"event-block msec\">\n\t\t\t\t   \n\t\t\t\t  \n                  <h3 class=\"event-date\">10. December<\/h3>\n                  <h2 class=\"event-name\">NIE n\u00e1siliu \/ NE n\u00e1sil\u00ed na \u017een\u00e1ch<\/h2>\n                  <p class=\"event-type\">Diskusia<\/p>\n                  <p class=\"event-place\">online<\/p>\n                  <a href=\"https:\/\/www.fenestra.sk\/16-dni-aktivizmu\/?post_type=upcoming_events&#038;p=1123\" class=\"event-link\">Viac inform\u00e1cii<\/a>\n              <\/div>\n          <\/div>\n      <\/div>\n  \n  \n        \n       \n        <div class=\"carousel-item\">\n       \n\t\t\t\n\t\t\t\n          <div class=\"event-block-container\">\n\t\t\t  \n\t\t\t  \n              \n\t\t\t\t  \n\t\t\t\t   \t\t\t\t\t<div class=\"event-block mfirst\">\n\t\t\t\t   \n\t\t\t\t  \n                  <h3 class=\"event-date\">10. December<\/h3>\n                  <h2 class=\"event-name\">Prida\u0165 udalos\u0165<\/h2>\n                  <p class=\"event-type\">Udalos\u0165<\/p>\n                  <p class=\"event-place\"><\/p>\n                  <a href=\"https:\/\/www.fenestra.sk\/16-dni-aktivizmu\/?post_type=upcoming_events&#038;p=1124\" class=\"event-link\">Viac inform\u00e1cii<\/a>\n              <\/div>\n          <\/div>\n      <\/div>\n  \n  \n      \t\t\t\t\n   <\/div>\t\n   <a class=\"carousel-control-prev\" href=\"#mobile-calendar-carousel-December\" role=\"button\" data-slide=\"prev\">\n     <img decoding=\"async\" src=\"https:\/\/www.fenestra.sk\/16-dni-aktivizmu\/wp-content\/uploads\/2020\/09\/blog-prev.svg\">\n   <\/a>\n   <a class=\"carousel-control-next\" href=\"#mobile-calendar-carousel-December\" role=\"button\" data-slide=\"next\">\n     <img decoding=\"async\" src=\"https:\/\/www.fenestra.sk\/16-dni-aktivizmu\/wp-content\/uploads\/2020\/09\/blog-next.svg\">\n   <\/a>\n   <\/div>\n<\/div>\n\t\t\t\t\t\t<\/div>\n\t\t\t\t<\/div>\n\t\t\t\t<div class=\"elementor-element elementor-element-cb52ee8 elementor-align-center elementor-tablet-align-center elementor-widget elementor-widget-button\" data-id=\"cb52ee8\" data-element_type=\"widget\" data-widget_type=\"button.default\">\n\t\t\t\t<div class=\"elementor-widget-container\">\n\t\t\t\t\t\t\t\t\t<div class=\"elementor-button-wrapper\">\n\t\t\t\t\t<a class=\"elementor-button elementor-button-link elementor-size-sm\" href=\"https:\/\/www.fenestra.sk\/16-dni-aktivizmu\/udalosti\/#pridat-udalost\">\n\t\t\t\t\t\t<span class=\"elementor-button-content-wrapper\">\n\t\t\t\t\t\t\t\t\t<span class=\"elementor-button-text\">Prida\u0165 udalos\u0165<\/span>\n\t\t\t\t\t<\/span>\n\t\t\t\t\t<\/a>\n\t\t\t\t<\/div>\n\t\t\t\t\t\t\t\t<\/div>\n\t\t\t\t<\/div>\n\t\t\t\t\t<\/div>\n\t\t<\/div>\n\t\t\t\t\t<\/div>\n\t\t<\/section>\n\t\t\t\t<section class=\"elementor-section elementor-top-section elementor-element elementor-element-3577da2 elementor-section-boxed elementor-section-height-default elementor-section-height-default\" data-id=\"3577da2\" data-element_type=\"section\" data-settings=\"{&quot;background_background&quot;:&quot;classic&quot;}\">\n\t\t\t\t\t\t\t<div class=\"elementor-background-overlay\"><\/div>\n\t\t\t\t\t\t\t<div class=\"elementor-container elementor-column-gap-no\">\n\t\t\t\t\t<div class=\"elementor-column elementor-col-100 elementor-top-column elementor-element elementor-element-2ff44e1\" data-id=\"2ff44e1\" data-element_type=\"column\">\n\t\t\t<div class=\"elementor-widget-wrap elementor-element-populated\">\n\t\t\t\t\t\t<div class=\"elementor-element elementor-element-7d15f2c elementor-widget elementor-widget-heading\" data-id=\"7d15f2c\" data-element_type=\"widget\" data-widget_type=\"heading.default\">\n\t\t\t\t<div class=\"elementor-widget-container\">\n\t\t\t\t\t<h2 class=\"elementor-heading-title elementor-size-default\">Udalosti ktor\u00e9 sa konali<br>v roku 2020<\/h2>\t\t\t\t<\/div>\n\t\t\t\t<\/div>\n\t\t\t\t<div class=\"elementor-element elementor-element-4dd7223 elementor-widget elementor-widget-shortcode\" data-id=\"4dd7223\" data-element_type=\"widget\" data-widget_type=\"shortcode.default\">\n\t\t\t\t<div class=\"elementor-widget-container\">\n\t\t\t\t\t\t\t<div class=\"elementor-shortcode\"><div class=\"row new_events_container\">\n\t\t\t\t\t\t<div class=\"col-md-4 aktualita-box event-box\">\n\n\t\t\t\t\t\t<a href=\"https:\/\/www.fenestra.sk\/16-dni-aktivizmu\/?p=1176\" class=\"aktualita event-href\">\n\t\t\t\t\t\t\t<div class=\"event-photo\" style=\"background-image:url('https:\/\/www.fenestra.sk\/16-dni-aktivizmu\/wp-content\/uploads\/2020\/11\/63_maly_nahlad_vypiskajme-nasilie_udalost.jpg')\">\n\t\t\t\t\t\t\t<\/div>\n\t\t\t\t\t\t\t<div class=\"actual-meta\">\n\t\t\t\t\t\t\t\t<h4>Vyp\u00edskajme n\u00e1silie<\/h4>\n                                <hr class=\"event-hr\">\n\t\t\t\t\t\t\t\t<p>V 70-tych rokoch minul\u00e9ho storo\u010dia sa \u017eeny v Peru prostredn\u00edctvom p\u00edskania br\u00e1nili pred n\u00e1siln\u00fdmi partnermi. Zvuk p\u00ed\u0161\u0165alky bol sign\u00e1lom, aby komunita konala proti n\u00e1siliu na&hellip;<\/p>\n\t\t\t\t\t\t\t\t<p class=\"event-meta\">\n\n                                     \n\t\t\t\t\t\t\t\t    <img decoding=\"async\" src=\"https:\/\/www.fenestra.sk\/16-dni-aktivizmu\/wp-content\/uploads\/2020\/11\/date-ico.svg\" \/>\n                                    25 novembra, 2020\n                                    \n\n                                    \n                                    <img decoding=\"async\" src=\"https:\/\/www.fenestra.sk\/16-dni-aktivizmu\/wp-content\/uploads\/2020\/11\/point-ico.svg\" \/>\n                                    online\n                                    \n                                    <button class=\"button ne-button\">Viac inform\u00e1cii<\/button>\n\n\t\t\t\t\t\t\t<\/div>\n\t\t\t\t\t\t<\/a>\n\n\t\t\t\t\t\t<\/div>\n\n\t\t\t\t<\/div><\/div>\n\t\t\t\t\t\t<\/div>\n\t\t\t\t<\/div>\n\t\t\t\t<div class=\"elementor-element elementor-element-ad80bd1 elementor-align-center elementor-tablet-align-center elementor-widget elementor-widget-button\" data-id=\"ad80bd1\" data-element_type=\"widget\" data-widget_type=\"button.default\">\n\t\t\t\t<div class=\"elementor-widget-container\">\n\t\t\t\t\t\t\t\t\t<div class=\"elementor-button-wrapper\">\n\t\t\t\t\t<a class=\"elementor-button elementor-button-link elementor-size-sm\" href=\"https:\/\/www.fenestra.sk\/16-dni-aktivizmu\/udalosti\/#archiv-udalosti\">\n\t\t\t\t\t\t<span class=\"elementor-button-content-wrapper\">\n\t\t\t\t\t\t\t\t\t<span class=\"elementor-button-text\">Zobrazi\u0165 v\u0161etky<\/span>\n\t\t\t\t\t<\/span>\n\t\t\t\t\t<\/a>\n\t\t\t\t<\/div>\n\t\t\t\t\t\t\t\t<\/div>\n\t\t\t\t<\/div>\n\t\t\t\t\t<\/div>\n\t\t<\/div>\n\t\t\t\t\t<\/div>\n\t\t<\/section>\n\t\t\t\t<section class=\"elementor-section elementor-top-section elementor-element elementor-element-e6753a9 elementor-section-boxed elementor-section-height-default elementor-section-height-default\" data-id=\"e6753a9\" data-element_type=\"section\" data-settings=\"{&quot;background_background&quot;:&quot;classic&quot;}\">\n\t\t\t\t\t\t<div class=\"elementor-container elementor-column-gap-default\">\n\t\t\t\t\t<div class=\"elementor-column elementor-col-100 elementor-top-column elementor-element elementor-element-853358a\" data-id=\"853358a\" data-element_type=\"column\">\n\t\t\t<div class=\"elementor-widget-wrap elementor-element-populated\">\n\t\t\t\t\t\t<div class=\"elementor-element elementor-element-f6b38a8 elementor-widget elementor-widget-heading\" data-id=\"f6b38a8\" data-element_type=\"widget\" data-widget_type=\"heading.default\">\n\t\t\t\t<div class=\"elementor-widget-container\">\n\t\t\t\t\t<h2 class=\"elementor-heading-title elementor-size-default\">POVEDZTE <img decoding=\"async\" src=\"https:\/\/www.fenestra.sk\/16-dni-aktivizmu\/wp-content\/uploads\/2020\/11\/nie-01.svg\" class=\"noimage\"> N\u00c1SILIU P\u00c1CHAN\u00c9MU <br>\nNA \u017dEN\u00c1CH<\/h2>\t\t\t\t<\/div>\n\t\t\t\t<\/div>\n\t\t\t\t<div class=\"elementor-element elementor-element-c55b85a elementor-align-center elementor-tablet-align-center elementor-widget elementor-widget-button\" data-id=\"c55b85a\" data-element_type=\"widget\" data-widget_type=\"button.default\">\n\t\t\t\t<div class=\"elementor-widget-container\">\n\t\t\t\t\t\t\t\t\t<div class=\"elementor-button-wrapper\">\n\t\t\t\t\t<a class=\"elementor-button elementor-button-link elementor-size-sm\" href=\"https:\/\/www.fenestra.sk\/16-dni-aktivizmu\/hovorim-nie\/\">\n\t\t\t\t\t\t<span class=\"elementor-button-content-wrapper\">\n\t\t\t\t\t\t\t\t\t<span class=\"elementor-button-text\">Chcem poveda\u0165 NIE!<\/span>\n\t\t\t\t\t<\/span>\n\t\t\t\t\t<\/a>\n\t\t\t\t<\/div>\n\t\t\t\t\t\t\t\t<\/div>\n\t\t\t\t<\/div>\n\t\t\t\t\t<\/div>\n\t\t<\/div>\n\t\t\t\t\t<\/div>\n\t\t<\/section>\n\t\t\t\t<section class=\"elementor-section elementor-top-section elementor-element elementor-element-76cc723 elementor-section-boxed elementor-section-height-default elementor-section-height-default\" data-id=\"76cc723\" data-element_type=\"section\" data-settings=\"{&quot;background_background&quot;:&quot;classic&quot;}\">\n\t\t\t\t\t\t<div class=\"elementor-container elementor-column-gap-no\">\n\t\t\t\t\t<div class=\"elementor-column elementor-col-100 elementor-top-column elementor-element elementor-element-65f8b70\" data-id=\"65f8b70\" data-element_type=\"column\">\n\t\t\t<div class=\"elementor-widget-wrap elementor-element-populated\">\n\t\t\t\t\t\t<div class=\"elementor-element elementor-element-3c65a78 elementor-widget elementor-widget-shortcode\" data-id=\"3c65a78\" data-element_type=\"widget\" data-widget_type=\"shortcode.default\">\n\t\t\t\t<div class=\"elementor-widget-container\">\n\t\t\t\t\t\t\t<div class=\"elementor-shortcode\"><div id=\"odkazy-listing\" class=\"carousel slide\" data-ride=\"carousel\"><div class=\"carousel-inner\">\n\t\t\t\t<div class=\"carousel-item active\">\n\t\t\t\t\t<div class=\"row\">\n\t\t\t\t\t\t <div class=\"col-md-4 odkaz-box\">\n\n                    <div class=\"home-odkaz\">\n                        <p class=\"text-odkazu\">Dobry den,\r\nHovorim \"nie\"! Zazila som psychicke nasilie. Napachalo na mojej du\u0161i a du\u0161i mojich deti nenapravitelne skody. Je neuveritelne ako ku mne pristupuju in\u0161titucie na Slovensku! Zme\u0148te to prosim<\/p>\n                        <p class=\"odkaz-autor\">Simona<\/p>\n                    <\/div>\n\n\t\t\t\t    <\/div>\n\n\t\t\t\t\n\n\t\t\t\t\t\t <div class=\"col-md-4 odkaz-box\">\n\n                    <div class=\"home-odkaz\">\n                        <p class=\"text-odkazu\">555<\/p>\n                        <p class=\"odkaz-autor\">1<\/p>\n                    <\/div>\n\n\t\t\t\t<\/div>\n\n\t\t\t\t\n\n\t\t\t\t\t\t <div class=\"col-md-4 odkaz-box\">\n\n                    <div class=\"home-odkaz\">\n                        <p class=\"text-odkazu\">555<\/p>\n                        <p class=\"odkaz-autor\">1<\/p>\n                    <\/div>\n\n\t\t\t\t<\/div>\n\t\t\t\t\t\t<\/div>\n\t\t\t\t\t\t<\/div>\n\n\t\t\t\t\n\t\t\t\t<div class=\"carousel-item\">\n\t\t\t\t\t<div class=\"row\">\n\t\t\t\t\t\t <div class=\"col-md-4 odkaz-box\">\n\n                    <div class=\"home-odkaz\">\n                        <p class=\"text-odkazu\">555<\/p>\n                        <p class=\"odkaz-autor\">1<\/p>\n                    <\/div>\n\n\t\t\t\t    <\/div>\n\n\t\t\t\t\n\n\t\t\t\t\t\t <div class=\"col-md-4 odkaz-box\">\n\n                    <div class=\"home-odkaz\">\n                        <p class=\"text-odkazu\">555<\/p>\n                        <p class=\"odkaz-autor\">1<\/p>\n                    <\/div>\n\n\t\t\t\t<\/div>\n\n\t\t\t\t\n\n\t\t\t\t\t\t <div class=\"col-md-4 odkaz-box\">\n\n                    <div class=\"home-odkaz\">\n                        <p class=\"text-odkazu\">555<\/p>\n                        <p class=\"odkaz-autor\">1<\/p>\n                    <\/div>\n\n\t\t\t\t<\/div>\n\t\t\t\t\t\t<\/div>\n\t\t\t\t\t\t<\/div>\n\n\t\t\t\t\n\t\t\t\t<div class=\"carousel-item\">\n\t\t\t\t\t<div class=\"row\">\n\t\t\t\t\t\t <div class=\"col-md-4 odkaz-box\">\n\n                    <div class=\"home-odkaz\">\n                        <p class=\"text-odkazu\">555<\/p>\n                        <p class=\"odkaz-autor\">1<\/p>\n                    <\/div>\n\n\t\t\t\t    <\/div>\n\n\t\t\t\t\n\n\t\t\t\t\t\t <div class=\"col-md-4 odkaz-box\">\n\n                    <div class=\"home-odkaz\">\n                        <p class=\"text-odkazu\">555<\/p>\n                        <p class=\"odkaz-autor\">HVZoTTjy' OR 969=(SELECT 969 FROM PG_SLEEP(15))--<\/p>\n                    <\/div>\n\n\t\t\t\t<\/div>\n\n\t\t\t\t\n\n\t\t\t\t\t\t <div class=\"col-md-4 odkaz-box\">\n\n                    <div class=\"home-odkaz\">\n                        <p class=\"text-odkazu\">555<\/p>\n                        <p class=\"odkaz-autor\">1<\/p>\n                    <\/div>\n\n\t\t\t\t<\/div>\n\t\t\t\t\t\t<\/div>\n\t\t\t\t\t\t<\/div>\n\n\t\t\t\t\n\t\t\t\t<div class=\"carousel-item\">\n\t\t\t\t\t<div class=\"row\">\n\t\t\t\t\t\t <div class=\"col-md-4 odkaz-box\">\n\n                    <div class=\"home-odkaz\">\n                        <p class=\"text-odkazu\">555<\/p>\n                        <p class=\"odkaz-autor\">1<\/p>\n                    <\/div>\n\n\t\t\t\t    <\/div>\n\n\t\t\t\t\n\n\t\t\t\t\t\t <div class=\"col-md-4 odkaz-box\">\n\n                    <div class=\"home-odkaz\">\n                        <p class=\"text-odkazu\">555<\/p>\n                        <p class=\"odkaz-autor\">1<\/p>\n                    <\/div>\n\n\t\t\t\t<\/div>\n\n\t\t\t\t\n\n\t\t\t\t\t\t <div class=\"col-md-4 odkaz-box\">\n\n                    <div class=\"home-odkaz\">\n                        <p class=\"text-odkazu\">555<\/p>\n                        <p class=\"odkaz-autor\">1<\/p>\n                    <\/div>\n\n\t\t\t\t<\/div>\n\t\t\t\t\t\t<\/div>\n\t\t\t\t\t\t<\/div>\n\n\t\t\t\t\n\t\t\t\t<div class=\"carousel-item\">\n\t\t\t\t\t<div class=\"row\">\n\t\t\t\t\t\t <div class=\"col-md-4 odkaz-box\">\n\n                    <div class=\"home-odkaz\">\n                        <p class=\"text-odkazu\">555<\/p>\n                        <p class=\"odkaz-autor\">(select(0)from(select(sleep(15)))v)\/*'+(select(0)from(select(sleep(15)))v)+'\"+(select(0)from(select(sleep(15)))v)+\"*\/<\/p>\n                    <\/div>\n\n\t\t\t\t    <\/div>\n\n\t\t\t\t\n\n\t\t\t\t\t\t <div class=\"col-md-4 odkaz-box\">\n\n                    <div class=\"home-odkaz\">\n                        <p class=\"text-odkazu\">555<\/p>\n                        <p class=\"odkaz-autor\">1<\/p>\n                    <\/div>\n\n\t\t\t\t<\/div>\n\n\t\t\t\t\n\n\t\t\t\t\t\t <div class=\"col-md-4 odkaz-box\">\n\n                    <div class=\"home-odkaz\">\n                        <p class=\"text-odkazu\">555<\/p>\n                        <p class=\"odkaz-autor\">1<\/p>\n                    <\/div>\n\n\t\t\t\t<\/div>\n\t\t\t\t\t\t<\/div>\n\t\t\t\t\t\t<\/div>\n\n\t\t\t\t\n        <\/div>\n\t\t\t\t  <a class=\"carousel-control-prev\" href=\"#odkazy-listing\" role=\"button\" data-slide=\"prev\">\n\t\t\t\t\t<img decoding=\"async\" src=\"https:\/\/www.fenestra.sk\/16-dni-aktivizmu\/wp-content\/uploads\/2020\/09\/blog-prev.svg\">\n\t\t\t\t  <\/a>\n\t\t\t\t  <a class=\"carousel-control-next\" href=\"#odkazy-listing\" role=\"button\" data-slide=\"next\">\n\t\t\t\t\t<img decoding=\"async\" src=\"https:\/\/www.fenestra.sk\/16-dni-aktivizmu\/wp-content\/uploads\/2020\/09\/blog-next.svg\">\n\t\t\t\t  <\/a>\n\t\t<\/div>\n\n<\/div>\n\t\t\t\t\t\t<\/div>\n\t\t\t\t<\/div>\n\t\t\t\t<div class=\"elementor-element elementor-element-97dc9b0 elementor-widget elementor-widget-heading\" data-id=\"97dc9b0\" data-element_type=\"widget\" data-widget_type=\"heading.default\">\n\t\t\t\t<div class=\"elementor-widget-container\">\n\t\t\t\t\t<h2 class=\"elementor-heading-title elementor-size-default\">CHCEM SA ZAPOJI\u0164<\/h2>\t\t\t\t<\/div>\n\t\t\t\t<\/div>\n\t\t\t\t<div class=\"elementor-element elementor-element-ad1d2f5 elementor-widget-divider--view-line elementor-widget elementor-widget-divider\" data-id=\"ad1d2f5\" data-element_type=\"widget\" data-widget_type=\"divider.default\">\n\t\t\t\t<div class=\"elementor-widget-container\">\n\t\t\t\t\t\t\t<div class=\"elementor-divider\">\n\t\t\t<span class=\"elementor-divider-separator\">\n\t\t\t\t\t\t<\/span>\n\t\t<\/div>\n\t\t\t\t\t\t<\/div>\n\t\t\t\t<\/div>\n\t\t\t\t<div class=\"elementor-element elementor-element-21b52ba pomoc-text elementor-widget elementor-widget-text-editor\" data-id=\"21b52ba\" data-element_type=\"widget\" data-widget_type=\"text-editor.default\">\n\t\t\t\t<div class=\"elementor-widget-container\">\n\t\t\t\t\t\t\t\t\t<p><span class=\"TextRun  BCX9 SCXO117818185\" lang=\"SK-SK\" xml:lang=\"SK-SK\" data-contrast=\"auto\"><span class=\"NormalTextRun  BCX9 SCXO117818185\">Do kampane sa m\u00f4\u017ee\u0161 zapoji\u0165 spolu so zn\u00e1mymi, kamar\u00e1tmi a kamar\u00e1tkami, kolegami a kolegy\u0148ami v pr\u00e1ci alebo s \u013eu\u010fmi v komunite, kde \u017eije\u0161. In\u0161piruj sa, pozri si aktivity in\u00fdch \u013eud\u00ed, pre\u010d\u00edtaj si, ako na to.<\/span><\/span><\/p>\t\t\t\t\t\t\t\t<\/div>\n\t\t\t\t<\/div>\n\t\t\t\t<div class=\"elementor-element elementor-element-8ff76e5 elementor-align-center elementor-tablet-align-center elementor-widget elementor-widget-button\" data-id=\"8ff76e5\" data-element_type=\"widget\" data-widget_type=\"button.default\">\n\t\t\t\t<div class=\"elementor-widget-container\">\n\t\t\t\t\t\t\t\t\t<div class=\"elementor-button-wrapper\">\n\t\t\t\t\t<a class=\"elementor-button elementor-button-link elementor-size-sm\" href=\"https:\/\/www.fenestra.sk\/16-dni-aktivizmu\/chcem-sa-zapojit\/\">\n\t\t\t\t\t\t<span class=\"elementor-button-content-wrapper\">\n\t\t\t\t\t\t\t\t\t<span class=\"elementor-button-text\">Viac inform\u00e1ci\u00ed<\/span>\n\t\t\t\t\t<\/span>\n\t\t\t\t\t<\/a>\n\t\t\t\t<\/div>\n\t\t\t\t\t\t\t\t<\/div>\n\t\t\t\t<\/div>\n\t\t\t\t\t<\/div>\n\t\t<\/div>\n\t\t\t\t\t<\/div>\n\t\t<\/section>\n\t\t\t\t<section class=\"elementor-section elementor-top-section elementor-element elementor-element-8b5c82e elementor-section-boxed elementor-section-height-default elementor-section-height-default\" data-id=\"8b5c82e\" data-element_type=\"section\" data-settings=\"{&quot;background_background&quot;:&quot;classic&quot;}\">\n\t\t\t\t\t\t<div class=\"elementor-container elementor-column-gap-no\">\n\t\t\t\t\t<div class=\"elementor-column elementor-col-100 elementor-top-column elementor-element elementor-element-d7e0d9f\" data-id=\"d7e0d9f\" data-element_type=\"column\">\n\t\t\t<div class=\"elementor-widget-wrap elementor-element-populated\">\n\t\t\t\t\t\t<section class=\"elementor-section elementor-inner-section elementor-element elementor-element-a79839a elementor-section-boxed elementor-section-height-default elementor-section-height-default\" data-id=\"a79839a\" data-element_type=\"section\" data-settings=\"{&quot;background_background&quot;:&quot;classic&quot;}\">\n\t\t\t\t\t\t<div class=\"elementor-container elementor-column-gap-no\">\n\t\t\t\t\t<div class=\"elementor-column elementor-col-50 elementor-inner-column elementor-element elementor-element-4472637\" data-id=\"4472637\" data-element_type=\"column\">\n\t\t\t<div class=\"elementor-widget-wrap elementor-element-populated\">\n\t\t\t\t\t\t<div class=\"elementor-element elementor-element-1f79a1f pnzimg elementor-widget elementor-widget-image\" data-id=\"1f79a1f\" data-element_type=\"widget\" data-widget_type=\"image.default\">\n\t\t\t\t<div class=\"elementor-widget-container\">\n\t\t\t\t\t\t\t\t\t\t\t\t\t\t\t<img fetchpriority=\"high\" decoding=\"async\" width=\"518\" height=\"251\" src=\"https:\/\/www.fenestra.sk\/16-dni-aktivizmu\/wp-content\/uploads\/2020\/09\/pracujeme-na-zmene.jpg\" class=\"attachment-full size-full wp-image-120\" alt=\"\" srcset=\"https:\/\/www.fenestra.sk\/16-dni-aktivizmu\/wp-content\/uploads\/2020\/09\/pracujeme-na-zmene.jpg 518w, https:\/\/www.fenestra.sk\/16-dni-aktivizmu\/wp-content\/uploads\/2020\/09\/pracujeme-na-zmene-300x145.jpg 300w\" sizes=\"(max-width: 518px) 100vw, 518px\" \/>\t\t\t\t\t\t\t\t\t\t\t\t\t\t\t<\/div>\n\t\t\t\t<\/div>\n\t\t\t\t\t<\/div>\n\t\t<\/div>\n\t\t\t\t<div class=\"elementor-column elementor-col-50 elementor-inner-column elementor-element elementor-element-a04173f\" data-id=\"a04173f\" data-element_type=\"column\">\n\t\t\t<div class=\"elementor-widget-wrap elementor-element-populated\">\n\t\t\t\t\t\t<div class=\"elementor-element elementor-element-3c46db0 elementor-widget elementor-widget-heading\" data-id=\"3c46db0\" data-element_type=\"widget\" data-widget_type=\"heading.default\">\n\t\t\t\t<div class=\"elementor-widget-container\">\n\t\t\t\t\t<h2 class=\"elementor-heading-title elementor-size-default\">TOOLKIT<\/h2>\t\t\t\t<\/div>\n\t\t\t\t<\/div>\n\t\t\t\t<div class=\"elementor-element elementor-element-06b83db showmore elementor-widget elementor-widget-html\" data-id=\"06b83db\" data-element_type=\"widget\" data-widget_type=\"html.default\">\n\t\t\t\t<div class=\"elementor-widget-container\">\n\t\t\t\t\t<a href=\"#\">pozrie\u0165 viac  <img decoding=\"async\" src=\"https:\/\/www.fenestra.sk\/16-dni-aktivizmu\/wp-content\/uploads\/2020\/11\/Component-177-\u2013-5.svg\"><\/a>\t\t\t\t<\/div>\n\t\t\t\t<\/div>\n\t\t\t\t\t<\/div>\n\t\t<\/div>\n\t\t\t\t\t<\/div>\n\t\t<\/section>\n\t\t\t\t<section class=\"elementor-section elementor-inner-section elementor-element elementor-element-626b6e6 elementor-reverse-mobile elementor-section-boxed elementor-section-height-default elementor-section-height-default\" data-id=\"626b6e6\" data-element_type=\"section\" data-settings=\"{&quot;background_background&quot;:&quot;classic&quot;}\">\n\t\t\t\t\t\t<div class=\"elementor-container elementor-column-gap-no\">\n\t\t\t\t\t<div class=\"elementor-column elementor-col-50 elementor-inner-column elementor-element elementor-element-d1fc13b\" data-id=\"d1fc13b\" data-element_type=\"column\">\n\t\t\t<div class=\"elementor-widget-wrap elementor-element-populated\">\n\t\t\t\t\t\t<div class=\"elementor-element elementor-element-a1bbb0a elementor-widget elementor-widget-heading\" data-id=\"a1bbb0a\" data-element_type=\"widget\" data-widget_type=\"heading.default\">\n\t\t\t\t<div class=\"elementor-widget-container\">\n\t\t\t\t\t<h2 class=\"elementor-heading-title elementor-size-default\">Stiahni si grafiku<br>\nku kampani<\/h2>\t\t\t\t<\/div>\n\t\t\t\t<\/div>\n\t\t\t\t<div class=\"elementor-element elementor-element-e1a7f92 showmore elementor-widget elementor-widget-html\" data-id=\"e1a7f92\" data-element_type=\"widget\" data-widget_type=\"html.default\">\n\t\t\t\t<div class=\"elementor-widget-container\">\n\t\t\t\t\t<a href=\"https:\/\/www.fenestra.sk\/16-dni-aktivizmu\/infografika\/\">pozrie\u0165 viac  <img decoding=\"async\" src=\"https:\/\/www.fenestra.sk\/16-dni-aktivizmu\/wp-content\/uploads\/2020\/11\/Component-177-\u2013-5.svg\"><\/a>\t\t\t\t<\/div>\n\t\t\t\t<\/div>\n\t\t\t\t\t<\/div>\n\t\t<\/div>\n\t\t\t\t<div class=\"elementor-column elementor-col-50 elementor-inner-column elementor-element elementor-element-8faab54\" data-id=\"8faab54\" data-element_type=\"column\">\n\t\t\t<div class=\"elementor-widget-wrap elementor-element-populated\">\n\t\t\t\t\t\t<div class=\"elementor-element elementor-element-7c0bad2 pnzimg elementor-widget elementor-widget-image\" data-id=\"7c0bad2\" data-element_type=\"widget\" data-widget_type=\"image.default\">\n\t\t\t\t<div class=\"elementor-widget-container\">\n\t\t\t\t\t\t\t\t\t\t\t\t\t\t\t<img decoding=\"async\" width=\"1200\" height=\"628\" src=\"https:\/\/www.fenestra.sk\/16-dni-aktivizmu\/wp-content\/uploads\/2020\/11\/7.Titulna-fotka-ku-kampani-16DNI-na-uvodnu-webovu-stranku_verzia.png\" class=\"attachment-full size-full wp-image-1107\" alt=\"\" srcset=\"https:\/\/www.fenestra.sk\/16-dni-aktivizmu\/wp-content\/uploads\/2020\/11\/7.Titulna-fotka-ku-kampani-16DNI-na-uvodnu-webovu-stranku_verzia.png 1200w, https:\/\/www.fenestra.sk\/16-dni-aktivizmu\/wp-content\/uploads\/2020\/11\/7.Titulna-fotka-ku-kampani-16DNI-na-uvodnu-webovu-stranku_verzia-300x157.png 300w, https:\/\/www.fenestra.sk\/16-dni-aktivizmu\/wp-content\/uploads\/2020\/11\/7.Titulna-fotka-ku-kampani-16DNI-na-uvodnu-webovu-stranku_verzia-1024x536.png 1024w, https:\/\/www.fenestra.sk\/16-dni-aktivizmu\/wp-content\/uploads\/2020\/11\/7.Titulna-fotka-ku-kampani-16DNI-na-uvodnu-webovu-stranku_verzia-768x402.png 768w\" sizes=\"(max-width: 1200px) 100vw, 1200px\" \/>\t\t\t\t\t\t\t\t\t\t\t\t\t\t\t<\/div>\n\t\t\t\t<\/div>\n\t\t\t\t\t<\/div>\n\t\t<\/div>\n\t\t\t\t\t<\/div>\n\t\t<\/section>\n\t\t\t\t<section class=\"elementor-section elementor-inner-section elementor-element elementor-element-c9fea0c elementor-section-boxed elementor-section-height-default elementor-section-height-default\" data-id=\"c9fea0c\" data-element_type=\"section\" data-settings=\"{&quot;background_background&quot;:&quot;classic&quot;}\">\n\t\t\t\t\t\t<div class=\"elementor-container elementor-column-gap-no\">\n\t\t\t\t\t<div class=\"elementor-column elementor-col-50 elementor-inner-column elementor-element elementor-element-753f7f5\" data-id=\"753f7f5\" data-element_type=\"column\">\n\t\t\t<div class=\"elementor-widget-wrap elementor-element-populated\">\n\t\t\t\t\t\t<div class=\"elementor-element elementor-element-a5fc303 pnzimg elementor-widget elementor-widget-image\" data-id=\"a5fc303\" data-element_type=\"widget\" data-widget_type=\"image.default\">\n\t\t\t\t<div class=\"elementor-widget-container\">\n\t\t\t\t\t\t\t\t\t\t\t\t\t\t\t<img fetchpriority=\"high\" decoding=\"async\" width=\"518\" height=\"251\" src=\"https:\/\/www.fenestra.sk\/16-dni-aktivizmu\/wp-content\/uploads\/2020\/09\/pracujeme-na-zmene.jpg\" class=\"attachment-full size-full wp-image-120\" alt=\"\" srcset=\"https:\/\/www.fenestra.sk\/16-dni-aktivizmu\/wp-content\/uploads\/2020\/09\/pracujeme-na-zmene.jpg 518w, https:\/\/www.fenestra.sk\/16-dni-aktivizmu\/wp-content\/uploads\/2020\/09\/pracujeme-na-zmene-300x145.jpg 300w\" sizes=\"(max-width: 518px) 100vw, 518px\" \/>\t\t\t\t\t\t\t\t\t\t\t\t\t\t\t<\/div>\n\t\t\t\t<\/div>\n\t\t\t\t\t<\/div>\n\t\t<\/div>\n\t\t\t\t<div class=\"elementor-column elementor-col-50 elementor-inner-column elementor-element elementor-element-1235258\" data-id=\"1235258\" data-element_type=\"column\">\n\t\t\t<div class=\"elementor-widget-wrap elementor-element-populated\">\n\t\t\t\t\t\t<div class=\"elementor-element elementor-element-8bc24c7 elementor-widget elementor-widget-heading\" data-id=\"8bc24c7\" data-element_type=\"widget\" data-widget_type=\"heading.default\">\n\t\t\t\t<div class=\"elementor-widget-container\">\n\t\t\t\t\t<h2 class=\"elementor-heading-title elementor-size-default\">KONTAKTUJTE N\u00c1S<\/h2>\t\t\t\t<\/div>\n\t\t\t\t<\/div>\n\t\t\t\t<div class=\"elementor-element elementor-element-1cb7a50 showmore elementor-widget elementor-widget-html\" data-id=\"1cb7a50\" data-element_type=\"widget\" data-widget_type=\"html.default\">\n\t\t\t\t<div class=\"elementor-widget-container\">\n\t\t\t\t\t<a href=\"https:\/\/www.fenestra.sk\/16-dni-aktivizmu\/kontakt\/\">pozrie\u0165 viac  <img decoding=\"async\" src=\"https:\/\/www.fenestra.sk\/16-dni-aktivizmu\/wp-content\/uploads\/2020\/11\/Component-177-\u2013-5.svg\"><\/a>\t\t\t\t<\/div>\n\t\t\t\t<\/div>\n\t\t\t\t\t<\/div>\n\t\t<\/div>\n\t\t\t\t\t<\/div>\n\t\t<\/section>\n\t\t\t\t<div class=\"elementor-element elementor-element-e5a1897 elementor-widget elementor-widget-heading\" data-id=\"e5a1897\" data-element_type=\"widget\" data-widget_type=\"heading.default\">\n\t\t\t\t<div class=\"elementor-widget-container\">\n\t\t\t\t\t<h2 class=\"elementor-heading-title elementor-size-default\">NOVINKY<\/h2>\t\t\t\t<\/div>\n\t\t\t\t<\/div>\n\t\t\t\t<div class=\"elementor-element elementor-element-e34ec81 elementor-widget elementor-widget-shortcode\" data-id=\"e34ec81\" data-element_type=\"widget\" data-widget_type=\"shortcode.default\">\n\t\t\t\t<div class=\"elementor-widget-container\">\n\t\t\t\t\t\t\t<div class=\"elementor-shortcode\"><div id=\"home-nwsblock\" class=\"carousel slide\" data-ride=\"carousel\"><div class=\"carousel-inner\">\n\t\t\t\n\t\t\t\t<div class=\"carousel-item active\">\n\t\t\t\t\t<div class=\"row\">\n\t\t\t\t\t\t<div class=\"col-md-4 aktualita-box\">\n\n\t\t\t\t\t\t<a href=\"https:\/\/www.fenestra.sk\/16-dni-aktivizmu\/?p=1276\" class=\"aktualita\">\n\t\t\t\t\t\t\t<div class=\"act-photo\" style=\"background-image:url('https:\/\/www.fenestra.sk\/16-dni-aktivizmu\/wp-content\/uploads\/2020\/11\/rhondak-native-florida-folk-artist-_Yc7OtfFn-0-unsplash_clanok-e1606677185517.jpg')\">\n\t\t\t\t\t\t\t<\/div>\n\t\t\t\t\t\t\t<div class=\"actual-meta\">\n\t\t\t\t\t\t\t\t<h4>SPUSTILI SME NOV\u00da WEB STR\u00c1NKU KAMPANE 16 DN\u00cd AKTIVIZMU<\/h4>\n\t\t\t\t\t\t\t\t<p>U\u017e dlh\u0161ie sme uva\u017eovali nad t\u00fdm, ako urobi\u0165 web str\u00e1nku kampane 16 dn\u00ed aktivizmu proti n\u00e1siliu p\u00e1chan\u00e9mu na \u017een\u00e1ch spolo\u010dnou platformou pre v\u0161etk\u00fdch, ktor\u00e9 a&hellip;<\/p>\n\t\t\t\t\t\t\t\t<p class=\"actual-date\">Po, 11, 2020<\/p>\n\t\t\t\t\t\t\t<\/div>\n\t\t\t\t\t\t<\/a>\n\n\t\t\t\t\t\t<\/div>\n\n\t\t\t\t\n\t\t\t\n\n\t\t\t\t\t\t<div class=\"col-md-4 aktualita-box\">\n\n\t\t\t\t\t\t<a href=\"https:\/\/www.fenestra.sk\/16-dni-aktivizmu\/?p=1285\" class=\"aktualita\">\n\t\t\t\t\t\t\t<div class=\"act-photo\" style=\"background-image:url('https:\/\/www.fenestra.sk\/16-dni-aktivizmu\/wp-content\/uploads\/2020\/11\/16DA2019_clanok-e1606680208550.jpg')\">\n\t\t\t\t\t\t\t<\/div>\n\t\t\t\t\t\t\t<div class=\"actual-meta\">\n\t\t\t\t\t\t\t\t<h4>POZRITE SI KR\u00c1TKE VIDEO Z AKTIV\u00cdT KAMPANE 16 DN\u00cd AKTIVIZMU V KO\u0160ICIACH<\/h4>\n\t\t\t\t\t\t\t\t<p>U\u017e tradi\u010dne v Ko\u0161iciach \u013eudia symbolicky vyp\u00edskali n\u00e1silie na \u017een\u00e1ch z na\u0161ej spolo\u010dnosti v r\u00e1mci verejn\u00e9ho zhroma\u017edenia &#8222;Vyp\u00edskajme n\u00e1silie&#8220;. Na Hlavnej ulici si mohli pozrie\u0165&hellip;<\/p>\n\t\t\t\t\t\t\t\t<p class=\"actual-date\">Pi, 12, 2019<\/p>\n\t\t\t\t\t\t\t<\/div>\n\t\t\t\t\t\t<\/a>\n\n\t\t\t\t\t\t<\/div>\n\n\t\t\t\t\n\t\t\t\n\n\t\t\t\t\t\t<div class=\"col-md-4 aktualita-box\">\n\n\t\t\t\t\t\t<a href=\"https:\/\/www.fenestra.sk\/16-dni-aktivizmu\/?p=1299\" class=\"aktualita\">\n\t\t\t\t\t\t\t<div class=\"act-photo\" style=\"background-image:url('https:\/\/www.fenestra.sk\/16-dni-aktivizmu\/wp-content\/uploads\/2020\/11\/past_clanok.jpg')\">\n\t\t\t\t\t\t\t<\/div>\n\t\t\t\t\t\t\t<div class=\"actual-meta\">\n\t\t\t\t\t\t\t\t<h4>\u010cO SA UDIALO PO\u010cAS 16 DN\u00cd AKTIVIZMU 2019?<\/h4>\n\t\t\t\t\t\t\t\t<p>Po prv\u00fd kr\u00e1t v hist\u00f3rii Slovenska sa k Medzin\u00e1rodn\u00e9mu d\u0148u za odstr\u00e1nenie n\u00e1silia na \u017een\u00e1ch verejne vyjadrila hlava \u0161t\u00e1tu. Pani prezidentka v ten de\u0148 z\u00e1rove\u0148&hellip;<\/p>\n\t\t\t\t\t\t\t\t<p class=\"actual-date\">Ut, 12, 2019<\/p>\n\t\t\t\t\t\t\t<\/div>\n\t\t\t\t\t\t<\/a>\n\n\t\t\t\t\t\t<\/div>\n\t\t\t\t\t\t<\/div>\n\t\t\t\t\t\t<\/div>\n\n\t\t\t\t\n\t\t\t\t\t<\/div>\n\t\t\t\t  <a class=\"carousel-control-prev\" href=\"#home-nwsblock\" role=\"button\" data-slide=\"prev\">\n\t\t\t\t\t<img decoding=\"async\" src=\"https:\/\/fenestra.tomaxed.eu\/wp-content\/uploads\/2020\/09\/blog-prev.svg\">\n\t\t\t\t  <\/a>\n\t\t\t\t  <a class=\"carousel-control-next\" href=\"#home-nwsblock\" role=\"button\" data-slide=\"next\">\n\t\t\t\t\t<img decoding=\"async\" src=\"https:\/\/fenestra.tomaxed.eu\/wp-content\/uploads\/2020\/09\/blog-next.svg\">\n\t\t\t\t  <\/a>\n\t\t\t\t<\/div>\n\n\n\t<\/div>\n\t\t\t\t\t\t<\/div>\n\t\t\t\t<\/div>\n\t\t\t\t\t<\/div>\n\t\t<\/div>\n\t\t\t\t\t<\/div>\n\t\t<\/section>\n\t\t\t\t<\/div>\n\t\t","protected":false},"excerpt":{"rendered":"<p>Kampa\u0148 16 dn\u00ed aktivizmu je pre n\u00e1s v\u0161etk\u00fdch pr\u00edle\u017eitos\u0165ou prelomi\u0165 ml\u010danie a hovori\u0165 o n\u00e1sil\u00ed p\u00e1chanom na \u017een\u00e1ch. V\u0161etci a v\u0161etky m\u00f4\u017eeme robi\u0165 mnoho akt\u00edvnych krokov, aby sme ochr\u00e1nili \u017eeny a deti pred n\u00e1sil\u00edm Viac inform\u00e1ci\u00ed je pre n\u00e1s v\u0161etk\u00fdch pr\u00edle\u017eitos\u0165ou prelomi\u0165 ml\u010danie a hovori\u0165 o n\u00e1sil\u00ed p\u00e1chanom na \u017een\u00e1ch. V\u0161etci a v\u0161etky m\u00f4\u017eeme robi\u0165 [&hellip;]<\/p>\n","protected":false},"author":3,"featured_media":0,"parent":0,"menu_order":0,"comment_status":"closed","ping_status":"closed","template":"","meta":{"site-sidebar-layout":"no-sidebar","site-content-layout":"page-builder","ast-site-content-layout":"default","site-content-style":"default","site-sidebar-style":"default","ast-global-header-display":"","ast-banner-title-visibility":"","ast-main-header-display":"","ast-hfb-above-header-display":"","ast-hfb-below-header-display":"","ast-hfb-mobile-header-display":"","site-post-title":"disabled","ast-breadcrumbs-content":"","ast-featured-img":"disabled","footer-sml-layout":"","theme-transparent-header-meta":"default","adv-header-id-meta":"","stick-header-meta":"","header-above-stick-meta":"","header-main-stick-meta":"","header-below-stick-meta":"","astra-migrate-meta-layouts":"default","ast-page-background-enabled":"default","ast-page-background-meta":{"desktop":{"background-color":"var(--ast-global-color-4)","background-image":"","background-repeat":"repeat","background-position":"center center","background-size":"auto","background-attachment":"scroll","background-type":"","background-media":"","overlay-type":"","overlay-color":"","overlay-opacity":"","overlay-gradient":""},"tablet":{"background-color":"","background-image":"","background-repeat":"repeat","background-position":"center center","background-size":"auto","background-attachment":"scroll","background-type":"","background-media":"","overlay-type":"","overlay-color":"","overlay-opacity":"","overlay-gradient":""},"mobile":{"background-color":"","background-image":"","background-repeat":"repeat","background-position":"center center","background-size":"auto","background-attachment":"scroll","background-type":"","background-media":"","overlay-type":"","overlay-color":"","overlay-opacity":"","overlay-gradient":""}},"ast-content-background-meta":{"desktop":{"background-color":"var(--ast-global-color-5)","background-image":"","background-repeat":"repeat","background-position":"center center","background-size":"auto","background-attachment":"scroll","background-type":"","background-media":"","overlay-type":"","overlay-color":"","overlay-opacity":"","overlay-gradient":""},"tablet":{"background-color":"var(--ast-global-color-5)","background-image":"","background-repeat":"repeat","background-position":"center center","background-size":"auto","background-attachment":"scroll","background-type":"","background-media":"","overlay-type":"","overlay-color":"","overlay-opacity":"","overlay-gradient":""},"mobile":{"background-color":"var(--ast-global-color-5)","background-image":"","background-repeat":"repeat","background-position":"center center","background-size":"auto","background-attachment":"scroll","background-type":"","background-media":"","overlay-type":"","overlay-color":"","overlay-opacity":"","overlay-gradient":""}},"footnotes":""},"class_list":["post-37","page","type-page","status-publish","hentry"],"yoast_head":"<!-- This site is optimized with the Yoast SEO plugin v26.0 - https:\/\/yoast.com\/wordpress\/plugins\/seo\/ -->\n<title>HOME - 16 Dn\u00ed Aktivizmu<\/title>\n<meta name=\"robots\" content=\"index, follow, max-snippet:-1, max-image-preview:large, max-video-preview:-1\" \/>\n<link rel=\"canonical\" href=\"https:\/\/www.fenestra.sk\/16-dni-aktivizmu\/\" \/>\n<meta property=\"og:locale\" content=\"sk_SK\" \/>\n<meta property=\"og:type\" content=\"article\" \/>\n<meta property=\"og:title\" content=\"HOME - 16 Dn\u00ed Aktivizmu\" \/>\n<meta property=\"og:description\" content=\"Kampa\u0148 16 dn\u00ed aktivizmu je pre n\u00e1s v\u0161etk\u00fdch pr\u00edle\u017eitos\u0165ou prelomi\u0165 ml\u010danie a hovori\u0165 o n\u00e1sil\u00ed p\u00e1chanom na \u017een\u00e1ch. V\u0161etci a v\u0161etky m\u00f4\u017eeme robi\u0165 mnoho akt\u00edvnych krokov, aby sme ochr\u00e1nili \u017eeny a deti pred n\u00e1sil\u00edm Viac inform\u00e1ci\u00ed je pre n\u00e1s v\u0161etk\u00fdch pr\u00edle\u017eitos\u0165ou prelomi\u0165 ml\u010danie a hovori\u0165 o n\u00e1sil\u00ed p\u00e1chanom na \u017een\u00e1ch. V\u0161etci a v\u0161etky m\u00f4\u017eeme robi\u0165 [&hellip;]\" \/>\n<meta property=\"og:url\" content=\"https:\/\/www.fenestra.sk\/16-dni-aktivizmu\/\" \/>\n<meta property=\"og:site_name\" content=\"16 Dn\u00ed Aktivizmu\" \/>\n<meta property=\"article:modified_time\" content=\"2020-12-07T21:02:07+00:00\" \/>\n<meta property=\"og:image\" content=\"https:\/\/www.fenestra.sk\/16-dni-aktivizmu\/wp-content\/uploads\/2020\/11\/nie-01.svg\" \/>\n<meta name=\"twitter:card\" content=\"summary_large_image\" \/>\n<meta name=\"twitter:label1\" content=\"Predpokladan\u00fd \u010das \u010d\u00edtania\" \/>\n\t<meta name=\"twitter:data1\" content=\"1 min\u00fata\" \/>\n<script type=\"application\/ld+json\" class=\"yoast-schema-graph\">{\"@context\":\"https:\/\/schema.org\",\"@graph\":[{\"@type\":\"WebPage\",\"@id\":\"https:\/\/www.fenestra.sk\/16-dni-aktivizmu\/\",\"url\":\"https:\/\/www.fenestra.sk\/16-dni-aktivizmu\/\",\"name\":\"HOME - 16 Dn\u00ed Aktivizmu\",\"isPartOf\":{\"@id\":\"https:\/\/www.fenestra.sk\/16-dni-aktivizmu\/#website\"},\"primaryImageOfPage\":{\"@id\":\"https:\/\/www.fenestra.sk\/16-dni-aktivizmu\/#primaryimage\"},\"image\":{\"@id\":\"https:\/\/www.fenestra.sk\/16-dni-aktivizmu\/#primaryimage\"},\"thumbnailUrl\":\"https:\/\/www.fenestra.sk\/16-dni-aktivizmu\/wp-content\/uploads\/2020\/11\/nie-01.svg\",\"datePublished\":\"2020-09-19T13:27:32+00:00\",\"dateModified\":\"2020-12-07T21:02:07+00:00\",\"breadcrumb\":{\"@id\":\"https:\/\/www.fenestra.sk\/16-dni-aktivizmu\/#breadcrumb\"},\"inLanguage\":\"sk-SK\",\"potentialAction\":[{\"@type\":\"ReadAction\",\"target\":[\"https:\/\/www.fenestra.sk\/16-dni-aktivizmu\/\"]}]},{\"@type\":\"ImageObject\",\"inLanguage\":\"sk-SK\",\"@id\":\"https:\/\/www.fenestra.sk\/16-dni-aktivizmu\/#primaryimage\",\"url\":\"https:\/\/www.fenestra.sk\/16-dni-aktivizmu\/wp-content\/uploads\/2020\/11\/nie-01.svg\",\"contentUrl\":\"https:\/\/www.fenestra.sk\/16-dni-aktivizmu\/wp-content\/uploads\/2020\/11\/nie-01.svg\"},{\"@type\":\"BreadcrumbList\",\"@id\":\"https:\/\/www.fenestra.sk\/16-dni-aktivizmu\/#breadcrumb\",\"itemListElement\":[{\"@type\":\"ListItem\",\"position\":1,\"name\":\"Domovsk\u00e1 str\u00e1nka\",\"item\":\"https:\/\/www.fenestra.sk\/16-dni-aktivizmu\/\"},{\"@type\":\"ListItem\",\"position\":2,\"name\":\"HOME\"}]},{\"@type\":\"WebSite\",\"@id\":\"https:\/\/www.fenestra.sk\/16-dni-aktivizmu\/#website\",\"url\":\"https:\/\/www.fenestra.sk\/16-dni-aktivizmu\/\",\"name\":\"16 Dn\u00ed Aktivizmu\",\"description\":\"\",\"potentialAction\":[{\"@type\":\"SearchAction\",\"target\":{\"@type\":\"EntryPoint\",\"urlTemplate\":\"https:\/\/www.fenestra.sk\/16-dni-aktivizmu\/?s={search_term_string}\"},\"query-input\":{\"@type\":\"PropertyValueSpecification\",\"valueRequired\":true,\"valueName\":\"search_term_string\"}}],\"inLanguage\":\"sk-SK\"}]}<\/script>\n<!-- \/ Yoast SEO plugin. -->","yoast_head_json":{"title":"HOME - 16 Dn\u00ed Aktivizmu","robots":{"index":"index","follow":"follow","max-snippet":"max-snippet:-1","max-image-preview":"max-image-preview:large","max-video-preview":"max-video-preview:-1"},"canonical":"https:\/\/www.fenestra.sk\/16-dni-aktivizmu\/","og_locale":"sk_SK","og_type":"article","og_title":"HOME - 16 Dn\u00ed Aktivizmu","og_description":"Kampa\u0148 16 dn\u00ed aktivizmu je pre n\u00e1s v\u0161etk\u00fdch pr\u00edle\u017eitos\u0165ou prelomi\u0165 ml\u010danie a hovori\u0165 o n\u00e1sil\u00ed p\u00e1chanom na \u017een\u00e1ch. V\u0161etci a v\u0161etky m\u00f4\u017eeme robi\u0165 mnoho akt\u00edvnych krokov, aby sme ochr\u00e1nili \u017eeny a deti pred n\u00e1sil\u00edm Viac inform\u00e1ci\u00ed je pre n\u00e1s v\u0161etk\u00fdch pr\u00edle\u017eitos\u0165ou prelomi\u0165 ml\u010danie a hovori\u0165 o n\u00e1sil\u00ed p\u00e1chanom na \u017een\u00e1ch. V\u0161etci a v\u0161etky m\u00f4\u017eeme robi\u0165 [&hellip;]","og_url":"https:\/\/www.fenestra.sk\/16-dni-aktivizmu\/","og_site_name":"16 Dn\u00ed Aktivizmu","article_modified_time":"2020-12-07T21:02:07+00:00","og_image":[{"url":"https:\/\/www.fenestra.sk\/16-dni-aktivizmu\/wp-content\/uploads\/2020\/11\/nie-01.svg","type":"","width":"","height":""}],"twitter_card":"summary_large_image","twitter_misc":{"Predpokladan\u00fd \u010das \u010d\u00edtania":"1 min\u00fata"},"schema":{"@context":"https:\/\/schema.org","@graph":[{"@type":"WebPage","@id":"https:\/\/www.fenestra.sk\/16-dni-aktivizmu\/","url":"https:\/\/www.fenestra.sk\/16-dni-aktivizmu\/","name":"HOME - 16 Dn\u00ed Aktivizmu","isPartOf":{"@id":"https:\/\/www.fenestra.sk\/16-dni-aktivizmu\/#website"},"primaryImageOfPage":{"@id":"https:\/\/www.fenestra.sk\/16-dni-aktivizmu\/#primaryimage"},"image":{"@id":"https:\/\/www.fenestra.sk\/16-dni-aktivizmu\/#primaryimage"},"thumbnailUrl":"https:\/\/www.fenestra.sk\/16-dni-aktivizmu\/wp-content\/uploads\/2020\/11\/nie-01.svg","datePublished":"2020-09-19T13:27:32+00:00","dateModified":"2020-12-07T21:02:07+00:00","breadcrumb":{"@id":"https:\/\/www.fenestra.sk\/16-dni-aktivizmu\/#breadcrumb"},"inLanguage":"sk-SK","potentialAction":[{"@type":"ReadAction","target":["https:\/\/www.fenestra.sk\/16-dni-aktivizmu\/"]}]},{"@type":"ImageObject","inLanguage":"sk-SK","@id":"https:\/\/www.fenestra.sk\/16-dni-aktivizmu\/#primaryimage","url":"https:\/\/www.fenestra.sk\/16-dni-aktivizmu\/wp-content\/uploads\/2020\/11\/nie-01.svg","contentUrl":"https:\/\/www.fenestra.sk\/16-dni-aktivizmu\/wp-content\/uploads\/2020\/11\/nie-01.svg"},{"@type":"BreadcrumbList","@id":"https:\/\/www.fenestra.sk\/16-dni-aktivizmu\/#breadcrumb","itemListElement":[{"@type":"ListItem","position":1,"name":"Domovsk\u00e1 str\u00e1nka","item":"https:\/\/www.fenestra.sk\/16-dni-aktivizmu\/"},{"@type":"ListItem","position":2,"name":"HOME"}]},{"@type":"WebSite","@id":"https:\/\/www.fenestra.sk\/16-dni-aktivizmu\/#website","url":"https:\/\/www.fenestra.sk\/16-dni-aktivizmu\/","name":"16 Dn\u00ed Aktivizmu","description":"","potentialAction":[{"@type":"SearchAction","target":{"@type":"EntryPoint","urlTemplate":"https:\/\/www.fenestra.sk\/16-dni-aktivizmu\/?s={search_term_string}"},"query-input":{"@type":"PropertyValueSpecification","valueRequired":true,"valueName":"search_term_string"}}],"inLanguage":"sk-SK"}]}},"_links":{"self":[{"href":"https:\/\/www.fenestra.sk\/16-dni-aktivizmu\/wp-json\/wp\/v2\/pages\/37","targetHints":{"allow":["GET"]}}],"collection":[{"href":"https:\/\/www.fenestra.sk\/16-dni-aktivizmu\/wp-json\/wp\/v2\/pages"}],"about":[{"href":"https:\/\/www.fenestra.sk\/16-dni-aktivizmu\/wp-json\/wp\/v2\/types\/page"}],"author":[{"embeddable":true,"href":"https:\/\/www.fenestra.sk\/16-dni-aktivizmu\/wp-json\/wp\/v2\/users\/3"}],"replies":[{"embeddable":true,"href":"https:\/\/www.fenestra.sk\/16-dni-aktivizmu\/wp-json\/wp\/v2\/comments?post=37"}],"version-history":[{"count":49,"href":"https:\/\/www.fenestra.sk\/16-dni-aktivizmu\/wp-json\/wp\/v2\/pages\/37\/revisions"}],"predecessor-version":[{"id":1391,"href":"https:\/\/www.fenestra.sk\/16-dni-aktivizmu\/wp-json\/wp\/v2\/pages\/37\/revisions\/1391"}],"wp:attachment":[{"href":"https:\/\/www.fenestra.sk\/16-dni-aktivizmu\/wp-json\/wp\/v2\/media?parent=37"}],"curies":[{"name":"wp","href":"https:\/\/api.w.org\/{rel}","templated":true}]}}